{"id":23682,"date":"2021-01-26T10:27:54","date_gmt":"2021-01-26T09:27:54","guid":{"rendered":"https:\/\/www.paulinaschulz.com\/listados-elementor-y-barra-lateral\/"},"modified":"2021-01-26T10:27:55","modified_gmt":"2021-01-26T09:27:55","slug":"listados-elementor-y-barra-lateral","status":"publish","type":"page","link":"https:\/\/iconestate.es\/es\/listados-elementor-y-barra-lateral\/","title":{"rendered":"Listados elementor y barra lateral"},"content":{"rendered":"\t\t<div data-elementor-type=\"wp-page\" data-elementor-id=\"23682\" class=\"elementor elementor-23682 elementor-16962\" data-elementor-post-type=\"page\">\n\t\t\t\t\t\t<section class=\"elementor-section elementor-top-section elementor-element elementor-element-2e104e4f elementor-section-boxed elementor-section-height-default elementor-section-height-default\" data-id=\"2e104e4f\" data-element_type=\"section\" data-e-type=\"section\">\n\t\t\t\t\t\t<div class=\"elementor-container elementor-column-gap-no\">\n\t\t\t\t\t<div class=\"elementor-column elementor-col-100 elementor-top-column elementor-element elementor-element-49e7a5fe\" data-id=\"49e7a5fe\" data-element_type=\"column\" data-e-type=\"column\">\n\t\t\t<div class=\"elementor-widget-wrap elementor-element-populated\">\n\t\t\t\t\t\t<div class=\"elementor-element elementor-element-1ab4530a elementor-widget elementor-widget-houzez_elementor_page_title\" data-id=\"1ab4530a\" data-element_type=\"widget\" data-e-type=\"widget\" data-widget_type=\"houzez_elementor_page_title.default\">\n\t\t\t\t<div class=\"elementor-widget-container\">\n\t\t\t\t\t\n<div class=\"breadcrumb-wrap\">\n\t<nav>\n\t\t<ol class=\"breadcrumb\"><li class=\"breadcrumb-item\"><a href=\"https:\/\/iconestate.es\/es\/\/\"><span>Home<\/span><\/a><\/li><li class=\"breadcrumb-item active\">P\u00e1ginas<\/li><\/ol>\t<\/nav>\n<\/div><!-- breadcrumb-wrap --> \n        <div class=\"d-flex align-items-center\">\n            <div class=\"page-title flex-grow-1\">\n\t<h1>Listados elementor y barra lateral<\/h1>\n<\/div><!-- page-title -->\n \n        <\/div><!-- d-flex -->  \n\n        \t\t\t\t<\/div>\n\t\t\t\t<\/div>\n\t\t\t\t\t<\/div>\n\t\t<\/div>\n\t\t\t\t\t<\/div>\n\t\t<\/section>\n\t\t\t\t<section class=\"elementor-section elementor-top-section elementor-element elementor-element-7a12daf elementor-section-boxed elementor-section-height-default elementor-section-height-default\" data-id=\"7a12daf\" data-element_type=\"section\" data-e-type=\"section\">\n\t\t\t\t\t\t<div class=\"elementor-container elementor-column-gap-no\">\n\t\t\t\t\t<div class=\"elementor-column elementor-col-66 elementor-top-column elementor-element elementor-element-bea335e\" data-id=\"bea335e\" data-element_type=\"column\" data-e-type=\"column\">\n\t\t\t<div class=\"elementor-widget-wrap elementor-element-populated\">\n\t\t\t\t\t\t<section class=\"elementor-section elementor-inner-section elementor-element elementor-element-5aa0c34 elementor-section-boxed elementor-section-height-default elementor-section-height-default\" data-id=\"5aa0c34\" data-element_type=\"section\" data-e-type=\"section\">\n\t\t\t\t\t\t<div class=\"elementor-container elementor-column-gap-no\">\n\t\t\t\t\t<div class=\"elementor-column elementor-col-50 elementor-inner-column elementor-element elementor-element-4b4ec90\" data-id=\"4b4ec90\" data-element_type=\"column\" data-e-type=\"column\">\n\t\t\t<div class=\"elementor-widget-wrap elementor-element-populated\">\n\t\t\t\t\t\t<div class=\"elementor-element elementor-element-454d667 elementor-widget elementor-widget-houzez_elementor_listings_tabs\" data-id=\"454d667\" data-element_type=\"widget\" data-e-type=\"widget\" data-widget_type=\"houzez_elementor_listings_tabs.default\">\n\t\t\t\t<div class=\"elementor-widget-container\">\n\t\t\t\t\t\n        <div id=\"houzez-listings-tabs-wrap\" class=\"listing-tabs flex-grow-1\">\n            \n            <ul class=\"nav nav-tabs \">\n                \n                                <li class=\"nav-item\">\n                    <a class=\"nav-link active\" href=\"https:\/\/iconestate.es\/es\/listados-elementor-y-barra-lateral\/\">\n                        Todas                    <\/a>\n                <\/li>\n                \n                \n                <li class=\"nav-item\">\n                                <a class=\"nav-link \" href=\"https:\/\/iconestate.es\/es\/listados-elementor-y-barra-lateral\/?tab=for-rent&#038;tax=property_status\">\n                                    En renta\n                                <\/a>\n                            <\/li><li class=\"nav-item\">\n                                <a class=\"nav-link \" href=\"https:\/\/iconestate.es\/es\/listados-elementor-y-barra-lateral\/?tab=for-sale&#038;tax=property_status\">\n                                    En venta\n                                <\/a>\n                            <\/li>                \n\n            <\/ul><!-- nav-tabs -->\n                \n        <\/div><!-- listing-tabs -->\n\n    \n    \t\t\t\t<\/div>\n\t\t\t\t<\/div>\n\t\t\t\t\t<\/div>\n\t\t<\/div>\n\t\t\t\t<div class=\"elementor-column elementor-col-50 elementor-inner-column elementor-element elementor-element-9146708\" data-id=\"9146708\" data-element_type=\"column\" data-e-type=\"column\">\n\t\t\t<div class=\"elementor-widget-wrap elementor-element-populated\">\n\t\t\t\t\t\t<div class=\"elementor-element elementor-element-321a2dd elementor-widget elementor-widget-houzez_elementor_sort_by\" data-id=\"321a2dd\" data-element_type=\"widget\" data-e-type=\"widget\" data-widget_type=\"houzez_elementor_sort_by.default\">\n\t\t\t\t<div class=\"elementor-widget-container\">\n\t\t\t\t\t        <div class=\"sort-by\">\n            <div class=\"d-flex align-items-center\">\n                <div class=\"sort-by-title\">\n                    Sort By:                <\/div><!-- sort-by-title -->  \n                <select id=\"sort_properties\" class=\"selectpicker form-control bs-select-hidden\" title=\"Orden por defecto\" data-live-search=\"false\" data-dropdown-align-right=\"auto\">\n                    <option value=\"\">Orden por defecto<\/option>\n                    <option  value=\"a_price\">Precios de barato a caro<\/option>\n                    <option  value=\"d_price\">Precio: de mayor a menor<\/option>\n                    \n                    <option  value=\"featured_first\">Listados destacados primero<\/option>\n                    \n                    <option  value=\"a_date\">Fecha vieja a nueva<\/option>\n                    <option  value=\"d_date\">Fecha nueva a vieja<\/option>\n                <\/select><!-- selectpicker -->\n            <\/div><!-- d-flex -->\n        <\/div><!-- sort-by -->\n        \t\t\t\t<\/div>\n\t\t\t\t<\/div>\n\t\t\t\t\t<\/div>\n\t\t<\/div>\n\t\t\t\t\t<\/div>\n\t\t<\/section>\n\t\t\t\t<div class=\"elementor-element elementor-element-2817026 elementor-widget elementor-widget-houzez_elementor_property-card-v6\" data-id=\"2817026\" data-element_type=\"widget\" data-e-type=\"widget\" data-widget_type=\"houzez_elementor_property-card-v6.default\">\n\t\t\t\t<div class=\"elementor-widget-container\">\n\t\t\t\t\t\t\t\r\n\t\t<div id=\"properties_module_section\" class=\"property-cards-module property-cards-module-v1 property-cards-module-2-cols\">\r\n\t\t\t<div id=\"module_properties\" class=\"listing-view grid-view card-deck \">\r\n\t\t\t\t<div class=\"item-listing-wrap hz-item-gallery-js item-listing-wrap-v6 card\" data-hz-id=\"hz-40175\" >\n\t<div class=\"item-wrap item-wrap-v6 h-100\">\n\t\t<div class=\"d-flex align-items-center h-100\">\n\t\t\t<div class=\"item-header\">\n\t\t\t\t\n\t\t\t\t<div class=\"labels-wrap labels-right\"> \n\n\t<a href=\"https:\/\/iconestate.es\/es\/status\/en-venta\/\" class=\"label-status label status-color-237\">\n\t\t\t\t\tEn venta\n\t\t\t\t<\/a><a href=\"https:\/\/iconestate.es\/es\/status\/new-listing-es\/\" class=\"label-status label status-color-406\">\n\t\t\t\t\tNew Listing\n\t\t\t\t<\/a><a href=\"https:\/\/iconestate.es\/es\/label\/disponible\/\" class=\"hz-label label label-color-389\">\n\t\t\t\t\tDisponible\n\t\t\t\t<\/a><a href=\"https:\/\/iconestate.es\/es\/label\/llaves-en-la-oficina\/\" class=\"hz-label label label-color-363\">\n\t\t\t\t\tLlaves en la Oficina\n\t\t\t\t<\/a>       \n\n<\/div>\n\n\t\t\t\t<div class=\"listing-image-wrap\">\n\t\t\t\t\t<div class=\"listing-thumb\">\n\t\t\t\t\t\t<a class=\"listing-featured-thumb\" href=\"https:\/\/iconestate.es\/es\/property\/spectacular-townhouse-las-flores-los-pacos\/\">\n\t\t\t\t\t\t<img fetchpriority=\"high\" decoding=\"async\" width=\"584\" height=\"438\" src=\"https:\/\/iconestate.es\/wp-content\/uploads\/2026\/02\/Adosado-3D.-Av.-Los-Pacos-44-Casa-7-Logo-6-1-584x438.jpg\" class=\"img-fluid wp-post-image\" alt=\"\" srcset=\"https:\/\/iconestate.es\/wp-content\/uploads\/2026\/02\/Adosado-3D.-Av.-Los-Pacos-44-Casa-7-Logo-6-1-584x438.jpg 584w, https:\/\/iconestate.es\/wp-content\/uploads\/2026\/02\/Adosado-3D.-Av.-Los-Pacos-44-Casa-7-Logo-6-1-592x444.jpg 592w, https:\/\/iconestate.es\/wp-content\/uploads\/2026\/02\/Adosado-3D.-Av.-Los-Pacos-44-Casa-7-Logo-6-1-120x90.jpg 120w\" sizes=\"(max-width: 584px) 100vw, 584px\" \/>\t\t\t\t\t\t<\/a>\n\t\t\t\t\t<\/div>\n\t\t\t\t<\/div>\n\n\t\t\t\t<ul class=\"item-tools\">\n\n        <li class=\"item-tool item-preview\">\n        <span class=\"hz-show-lightbox-js\" data-listid=\"40175\" data-toggle=\"tooltip\" data-placement=\"top\" title=\"Preview\">\n                <i class=\"houzez-icon icon-expand-3\"><\/i>   \n        <\/span><!-- item-tool-favorite -->\n    <\/li><!-- item-tool -->\n        \n        <li class=\"item-tool item-favorite\">\n        <span class=\"add-favorite-js item-tool-favorite\" data-toggle=\"tooltip\" data-placement=\"top\" title=\"Favourite\" data-listid=\"40175\">\n            <i class=\"houzez-icon icon-love-it \"><\/i> \n        <\/span><!-- item-tool-favorite -->\n    <\/li><!-- item-tool -->\n    \n        <li class=\"item-tool item-compare\">\n        <span class=\"houzez_compare compare-40175 item-tool-compare show-compare-panel\" data-toggle=\"tooltip\" data-placement=\"top\" title=\"Add to Compare\" data-listing_id=\"40175\" data-listing_image=\"https:\/\/iconestate.es\/wp-content\/uploads\/2026\/02\/Adosado-3D.-Av.-Los-Pacos-44-Casa-7-Logo-6-1-592x444.jpg\">\n            <i class=\"houzez-icon icon-add-circle\"><\/i>\n        <\/span><!-- item-tool-compare -->\n    <\/li><!-- item-tool -->\n    <\/ul><!-- item-tools -->\n\t\t\t\t<div class=\"preview_loader\"><\/div>\n\t\t\t<\/div><!-- item-header -->\t\n\t\t\t<div class=\"item-body flex-grow-1\">\n\t\t\t\t<h2 class=\"item-title\">\n\t<a href=\"https:\/\/iconestate.es\/es\/property\/spectacular-townhouse-las-flores-los-pacos\/\">Espectacular adosado en urbanizaci\u00f3n Las Flores, Los Pacos<\/a>\n<\/h2><!-- item-title -->\n\t\t\t\t<div class=\"d-flex justify-content-between align-items-center amenities-price-wrap\">\n\t\t\t\t\t<ul class=\"item-price-wrap\">\n\t\t\t\t\t\t<li class=\"item-price\"> 519,000\u20ac<\/li>\n\t\t\t\t\t<\/ul>\n\t\t\t\t\t<ul class=\"item-amenities item-amenities-with-icons\">\n\t<li class=\"h-beds\"><i class=\"houzez-icon icon-hotel-double-bed-1 mr-1\"><\/i><span class=\"item-amenities-text\">Beds:<\/span> <span class=\"hz-figure\">3<\/span><\/li><li class=\"h-baths\"><i class=\"houzez-icon icon-bathroom-shower-1 mr-1\"><\/i><span class=\"item-amenities-text\">Baths:<\/span> <span class=\"hz-figure\">3<\/span><\/li><li class=\"h-area\"><i class=\"houzez-icon icon-ruler-triangle mr-1\"><\/i><span class=\"hz-figure\">137<\/span> <span class=\"hz-figure area_postfix\">m\u00b2<\/span><\/li><li class=\"h-property-id\"><i class=\"houzez-icon icon-tags mr-1\"><\/i><span class=\"item-amenities-text\">ID:<\/span> <span class=\"hz-figure\">Flores<\/span><\/li><\/ul>\t\t\t\t<\/div><!-- d-flex -->\n\t\t\t<\/div><!-- item-body -->\n\t\t<\/div><!-- d-flex -->\n\t<\/div><!-- item-wrap -->\n<\/div><!-- item-listing-wrap --><div class=\"item-listing-wrap hz-item-gallery-js item-listing-wrap-v6 card\" data-hz-id=\"hz-39453\" >\n\t<div class=\"item-wrap item-wrap-v6 h-100\">\n\t\t<div class=\"d-flex align-items-center h-100\">\n\t\t\t<div class=\"item-header\">\n\t\t\t\t<span class=\"label-featured label\">Featured<\/span>\n\t\t\t\t<div class=\"labels-wrap labels-right\"> \n\n\t<a href=\"https:\/\/iconestate.es\/es\/status\/en-venta\/\" class=\"label-status label status-color-237\">\n\t\t\t\t\tEn venta\n\t\t\t\t<\/a><a href=\"https:\/\/iconestate.es\/es\/label\/disponible\/\" class=\"hz-label label label-color-389\">\n\t\t\t\t\tDisponible\n\t\t\t\t<\/a>       \n\n<\/div>\n\n\t\t\t\t<div class=\"listing-image-wrap\">\n\t\t\t\t\t<div class=\"listing-thumb\">\n\t\t\t\t\t\t<a class=\"listing-featured-thumb\" href=\"https:\/\/iconestate.es\/es\/property\/chalet-independiente-impresionantes-vistas-al-mar-en-torreblanca\/\">\n\t\t\t\t\t\t<img decoding=\"async\" width=\"584\" height=\"438\" src=\"https:\/\/iconestate.es\/wp-content\/uploads\/2025\/09\/Villa-3D.-C-Perdices-No9-Logo-1-584x438.jpg\" class=\"img-fluid wp-post-image\" alt=\"\" srcset=\"https:\/\/iconestate.es\/wp-content\/uploads\/2025\/09\/Villa-3D.-C-Perdices-No9-Logo-1-584x438.jpg 584w, https:\/\/iconestate.es\/wp-content\/uploads\/2025\/09\/Villa-3D.-C-Perdices-No9-Logo-1-592x444.jpg 592w, https:\/\/iconestate.es\/wp-content\/uploads\/2025\/09\/Villa-3D.-C-Perdices-No9-Logo-1-120x90.jpg 120w\" sizes=\"(max-width: 584px) 100vw, 584px\" \/>\t\t\t\t\t\t<\/a>\n\t\t\t\t\t<\/div>\n\t\t\t\t<\/div>\n\n\t\t\t\t<ul class=\"item-tools\">\n\n        <li class=\"item-tool item-preview\">\n        <span class=\"hz-show-lightbox-js\" data-listid=\"39453\" data-toggle=\"tooltip\" data-placement=\"top\" title=\"Preview\">\n                <i class=\"houzez-icon icon-expand-3\"><\/i>   \n        <\/span><!-- item-tool-favorite -->\n    <\/li><!-- item-tool -->\n        \n        <li class=\"item-tool item-favorite\">\n        <span class=\"add-favorite-js item-tool-favorite\" data-toggle=\"tooltip\" data-placement=\"top\" title=\"Favourite\" data-listid=\"39453\">\n            <i class=\"houzez-icon icon-love-it \"><\/i> \n        <\/span><!-- item-tool-favorite -->\n    <\/li><!-- item-tool -->\n    \n        <li class=\"item-tool item-compare\">\n        <span class=\"houzez_compare compare-39453 item-tool-compare show-compare-panel\" data-toggle=\"tooltip\" data-placement=\"top\" title=\"Add to Compare\" data-listing_id=\"39453\" data-listing_image=\"https:\/\/iconestate.es\/wp-content\/uploads\/2025\/09\/Villa-3D.-C-Perdices-No9-Logo-1-592x444.jpg\">\n            <i class=\"houzez-icon icon-add-circle\"><\/i>\n        <\/span><!-- item-tool-compare -->\n    <\/li><!-- item-tool -->\n    <\/ul><!-- item-tools -->\n\t\t\t\t<div class=\"preview_loader\"><\/div>\n\t\t\t<\/div><!-- item-header -->\t\n\t\t\t<div class=\"item-body flex-grow-1\">\n\t\t\t\t<h2 class=\"item-title\">\n\t<a href=\"https:\/\/iconestate.es\/es\/property\/chalet-independiente-impresionantes-vistas-al-mar-en-torreblanca\/\">Chalet independiente, \u00a1Impresionantes vistas al mar en Torreblanca!<\/a>\n<\/h2><!-- item-title -->\n\t\t\t\t<div class=\"d-flex justify-content-between align-items-center amenities-price-wrap\">\n\t\t\t\t\t<ul class=\"item-price-wrap\">\n\t\t\t\t\t\t<li class=\"item-price\"> 649,000\u20ac<\/li>\n\t\t\t\t\t<\/ul>\n\t\t\t\t\t<ul class=\"item-amenities item-amenities-with-icons\">\n\t<li class=\"h-beds\"><i class=\"houzez-icon icon-hotel-double-bed-1 mr-1\"><\/i><span class=\"item-amenities-text\">Beds:<\/span> <span class=\"hz-figure\">3<\/span><\/li><li class=\"h-baths\"><i class=\"houzez-icon icon-bathroom-shower-1 mr-1\"><\/i><span class=\"item-amenities-text\">Baths:<\/span> <span class=\"hz-figure\">2<\/span><\/li><li class=\"h-area\"><i class=\"houzez-icon icon-ruler-triangle mr-1\"><\/i><span class=\"hz-figure\">93<\/span> <span class=\"hz-figure area_postfix\">m\u00b2<\/span><\/li><li class=\"h-property-id\"><i class=\"houzez-icon icon-tags mr-1\"><\/i><span class=\"item-amenities-text\">ID:<\/span> <span class=\"hz-figure\">Perdices<\/span><\/li><\/ul>\t\t\t\t<\/div><!-- d-flex -->\n\t\t\t<\/div><!-- item-body -->\n\t\t<\/div><!-- d-flex -->\n\t<\/div><!-- item-wrap -->\n<\/div><!-- item-listing-wrap --><div class=\"item-listing-wrap hz-item-gallery-js item-listing-wrap-v6 card\" data-hz-id=\"hz-38599\" >\n\t<div class=\"item-wrap item-wrap-v6 h-100\">\n\t\t<div class=\"d-flex align-items-center h-100\">\n\t\t\t<div class=\"item-header\">\n\t\t\t\t<span class=\"label-featured label\">Featured<\/span>\n\t\t\t\t<div class=\"labels-wrap labels-right\"> \n\n\t<a href=\"https:\/\/iconestate.es\/es\/status\/en-venta\/\" class=\"label-status label status-color-237\">\n\t\t\t\t\tEn venta\n\t\t\t\t<\/a><a href=\"https:\/\/iconestate.es\/es\/label\/disponible\/\" class=\"hz-label label label-color-389\">\n\t\t\t\t\tDisponible\n\t\t\t\t<\/a>       \n\n<\/div>\n\n\t\t\t\t<div class=\"listing-image-wrap\">\n\t\t\t\t\t<div class=\"listing-thumb\">\n\t\t\t\t\t\t<a class=\"listing-featured-thumb\" href=\"https:\/\/iconestate.es\/es\/property\/casa-unifamiliar-en-riviera-del-sol\/\">\n\t\t\t\t\t\t<img decoding=\"async\" width=\"584\" height=\"438\" src=\"https:\/\/iconestate.es\/wp-content\/uploads\/2025\/04\/ChatGPT-Image-14-abr-2025-13_51_19-584x438.png\" class=\"img-fluid wp-post-image\" alt=\"\" srcset=\"https:\/\/iconestate.es\/wp-content\/uploads\/2025\/04\/ChatGPT-Image-14-abr-2025-13_51_19-584x438.png 584w, https:\/\/iconestate.es\/wp-content\/uploads\/2025\/04\/ChatGPT-Image-14-abr-2025-13_51_19-592x444.png 592w, https:\/\/iconestate.es\/wp-content\/uploads\/2025\/04\/ChatGPT-Image-14-abr-2025-13_51_19-120x90.png 120w\" sizes=\"(max-width: 584px) 100vw, 584px\" \/>\t\t\t\t\t\t<\/a>\n\t\t\t\t\t<\/div>\n\t\t\t\t<\/div>\n\n\t\t\t\t<ul class=\"item-tools\">\n\n        <li class=\"item-tool item-preview\">\n        <span class=\"hz-show-lightbox-js\" data-listid=\"38599\" data-toggle=\"tooltip\" data-placement=\"top\" title=\"Preview\">\n                <i class=\"houzez-icon icon-expand-3\"><\/i>   \n        <\/span><!-- item-tool-favorite -->\n    <\/li><!-- item-tool -->\n        \n        <li class=\"item-tool item-favorite\">\n        <span class=\"add-favorite-js item-tool-favorite\" data-toggle=\"tooltip\" data-placement=\"top\" title=\"Favourite\" data-listid=\"38599\">\n            <i class=\"houzez-icon icon-love-it \"><\/i> \n        <\/span><!-- item-tool-favorite -->\n    <\/li><!-- item-tool -->\n    \n        <li class=\"item-tool item-compare\">\n        <span class=\"houzez_compare compare-38599 item-tool-compare show-compare-panel\" data-toggle=\"tooltip\" data-placement=\"top\" title=\"Add to Compare\" data-listing_id=\"38599\" data-listing_image=\"https:\/\/iconestate.es\/wp-content\/uploads\/2025\/04\/ChatGPT-Image-14-abr-2025-13_51_19-592x444.png\">\n            <i class=\"houzez-icon icon-add-circle\"><\/i>\n        <\/span><!-- item-tool-compare -->\n    <\/li><!-- item-tool -->\n    <\/ul><!-- item-tools -->\n\t\t\t\t<div class=\"preview_loader\"><\/div>\n\t\t\t<\/div><!-- item-header -->\t\n\t\t\t<div class=\"item-body flex-grow-1\">\n\t\t\t\t<h2 class=\"item-title\">\n\t<a href=\"https:\/\/iconestate.es\/es\/property\/casa-unifamiliar-en-riviera-del-sol\/\">\u00a1Casa unifamiliar en Riviera del Sol!<\/a>\n<\/h2><!-- item-title -->\n\t\t\t\t<div class=\"d-flex justify-content-between align-items-center amenities-price-wrap\">\n\t\t\t\t\t<ul class=\"item-price-wrap\">\n\t\t\t\t\t\t<li class=\"item-price\"> 1,390,000\u20ac<\/li>\n\t\t\t\t\t<\/ul>\n\t\t\t\t\t<ul class=\"item-amenities item-amenities-with-icons\">\n\t<li class=\"h-beds\"><i class=\"houzez-icon icon-hotel-double-bed-1 mr-1\"><\/i><span class=\"item-amenities-text\">Beds:<\/span> <span class=\"hz-figure\">3<\/span><\/li><li class=\"h-baths\"><i class=\"houzez-icon icon-bathroom-shower-1 mr-1\"><\/i><span class=\"item-amenities-text\">Baths:<\/span> <span class=\"hz-figure\">3<\/span><\/li><li class=\"h-area\"><i class=\"houzez-icon icon-ruler-triangle mr-1\"><\/i><span class=\"hz-figure\">272<\/span> <span class=\"hz-figure area_postfix\">m\u00b2<\/span><\/li><li class=\"h-property-id\"><i class=\"houzez-icon icon-tags mr-1\"><\/i><span class=\"item-amenities-text\">ID:<\/span> <span class=\"hz-figure\">Riviera<\/span><\/li><\/ul>\t\t\t\t<\/div><!-- d-flex -->\n\t\t\t<\/div><!-- item-body -->\n\t\t<\/div><!-- d-flex -->\n\t<\/div><!-- item-wrap -->\n<\/div><!-- item-listing-wrap --><div class=\"item-listing-wrap hz-item-gallery-js item-listing-wrap-v6 card\" data-hz-id=\"hz-38829\" >\n\t<div class=\"item-wrap item-wrap-v6 h-100\">\n\t\t<div class=\"d-flex align-items-center h-100\">\n\t\t\t<div class=\"item-header\">\n\t\t\t\t\n\t\t\t\t<div class=\"labels-wrap labels-right\"> \n\n\t<a href=\"https:\/\/iconestate.es\/es\/status\/en-venta\/\" class=\"label-status label status-color-237\">\n\t\t\t\t\tEn venta\n\t\t\t\t<\/a><a href=\"https:\/\/iconestate.es\/es\/label\/reservado\/\" class=\"hz-label label label-color-326\">\n\t\t\t\t\tReservado\n\t\t\t\t<\/a><a href=\"https:\/\/iconestate.es\/es\/label\/vendido\/\" class=\"hz-label label label-color-300\">\n\t\t\t\t\tVendido\n\t\t\t\t<\/a>       \n\n<\/div>\n\n\t\t\t\t<div class=\"listing-image-wrap\">\n\t\t\t\t\t<div class=\"listing-thumb\">\n\t\t\t\t\t\t<a class=\"listing-featured-thumb\" href=\"https:\/\/iconestate.es\/es\/property\/villa-en-la-exclusiva-urbanizacion-valtocado-mijas\/\">\n\t\t\t\t\t\t<img loading=\"lazy\" decoding=\"async\" width=\"584\" height=\"438\" src=\"https:\/\/iconestate.es\/wp-content\/uploads\/2025\/05\/Villa-Valtocado-Logo-2-37-584x438.jpg\" class=\"img-fluid wp-post-image\" alt=\"\" srcset=\"https:\/\/iconestate.es\/wp-content\/uploads\/2025\/05\/Villa-Valtocado-Logo-2-37-584x438.jpg 584w, https:\/\/iconestate.es\/wp-content\/uploads\/2025\/05\/Villa-Valtocado-Logo-2-37-592x444.jpg 592w, https:\/\/iconestate.es\/wp-content\/uploads\/2025\/05\/Villa-Valtocado-Logo-2-37-120x90.jpg 120w\" sizes=\"(max-width: 584px) 100vw, 584px\" \/>\t\t\t\t\t\t<\/a>\n\t\t\t\t\t<\/div>\n\t\t\t\t<\/div>\n\n\t\t\t\t<ul class=\"item-tools\">\n\n        <li class=\"item-tool item-preview\">\n        <span class=\"hz-show-lightbox-js\" data-listid=\"38829\" data-toggle=\"tooltip\" data-placement=\"top\" title=\"Preview\">\n                <i class=\"houzez-icon icon-expand-3\"><\/i>   \n        <\/span><!-- item-tool-favorite -->\n    <\/li><!-- item-tool -->\n        \n        <li class=\"item-tool item-favorite\">\n        <span class=\"add-favorite-js item-tool-favorite\" data-toggle=\"tooltip\" data-placement=\"top\" title=\"Favourite\" data-listid=\"38829\">\n            <i class=\"houzez-icon icon-love-it \"><\/i> \n        <\/span><!-- item-tool-favorite -->\n    <\/li><!-- item-tool -->\n    \n        <li class=\"item-tool item-compare\">\n        <span class=\"houzez_compare compare-38829 item-tool-compare show-compare-panel\" data-toggle=\"tooltip\" data-placement=\"top\" title=\"Add to Compare\" data-listing_id=\"38829\" data-listing_image=\"https:\/\/iconestate.es\/wp-content\/uploads\/2025\/05\/Villa-Valtocado-Logo-2-37-592x444.jpg\">\n            <i class=\"houzez-icon icon-add-circle\"><\/i>\n        <\/span><!-- item-tool-compare -->\n    <\/li><!-- item-tool -->\n    <\/ul><!-- item-tools -->\n\t\t\t\t<div class=\"preview_loader\"><\/div>\n\t\t\t<\/div><!-- item-header -->\t\n\t\t\t<div class=\"item-body flex-grow-1\">\n\t\t\t\t<h2 class=\"item-title\">\n\t<a href=\"https:\/\/iconestate.es\/es\/property\/villa-en-la-exclusiva-urbanizacion-valtocado-mijas\/\">\u00a1Villa en la exclusiva urbanizaci\u00f3n Valtocado Mijas!<\/a>\n<\/h2><!-- item-title -->\n\t\t\t\t<div class=\"d-flex justify-content-between align-items-center amenities-price-wrap\">\n\t\t\t\t\t<ul class=\"item-price-wrap\">\n\t\t\t\t\t\t<li class=\"item-price\"><span class=\"item-price-text\">VENDIDO!!!<\/span><\/li>\n\t\t\t\t\t<\/ul>\n\t\t\t\t\t<ul class=\"item-amenities item-amenities-with-icons\">\n\t<li class=\"h-beds\"><i class=\"houzez-icon icon-hotel-double-bed-1 mr-1\"><\/i><span class=\"item-amenities-text\">Beds:<\/span> <span class=\"hz-figure\">6<\/span><\/li><li class=\"h-baths\"><i class=\"houzez-icon icon-bathroom-shower-1 mr-1\"><\/i><span class=\"item-amenities-text\">Baths:<\/span> <span class=\"hz-figure\">3<\/span><\/li><li class=\"h-area\"><i class=\"houzez-icon icon-ruler-triangle mr-1\"><\/i><span class=\"hz-figure\">412<\/span> <span class=\"hz-figure area_postfix\">m\u00b2<\/span><\/li><li class=\"h-property-id\"><i class=\"houzez-icon icon-tags mr-1\"><\/i><span class=\"item-amenities-text\">ID:<\/span> <span class=\"hz-figure\">Valtocado<\/span><\/li><\/ul>\t\t\t\t<\/div><!-- d-flex -->\n\t\t\t<\/div><!-- item-body -->\n\t\t<\/div><!-- d-flex -->\n\t<\/div><!-- item-wrap -->\n<\/div><!-- item-listing-wrap --><div class=\"item-listing-wrap hz-item-gallery-js item-listing-wrap-v6 card\" data-hz-id=\"hz-40178\" >\n\t<div class=\"item-wrap item-wrap-v6 h-100\">\n\t\t<div class=\"d-flex align-items-center h-100\">\n\t\t\t<div class=\"item-header\">\n\t\t\t\t\n\t\t\t\t<div class=\"labels-wrap labels-right\"> \n\n\t<a href=\"https:\/\/iconestate.es\/es\/status\/en-venta\/\" class=\"label-status label status-color-237\">\n\t\t\t\t\tEn venta\n\t\t\t\t<\/a><a href=\"https:\/\/iconestate.es\/es\/label\/vendido\/\" class=\"hz-label label label-color-300\">\n\t\t\t\t\tVendido\n\t\t\t\t<\/a>       \n\n<\/div>\n\n\t\t\t\t<div class=\"listing-image-wrap\">\n\t\t\t\t\t<div class=\"listing-thumb\">\n\t\t\t\t\t\t<a class=\"listing-featured-thumb\" href=\"https:\/\/iconestate.es\/es\/property\/prime-location-in-los-pacos\/\">\n\t\t\t\t\t\t<img loading=\"lazy\" decoding=\"async\" width=\"584\" height=\"438\" src=\"https:\/\/iconestate.es\/wp-content\/uploads\/2026\/02\/ChatGPT-Image-12-feb-2026-14_01_59-584x438.png\" class=\"img-fluid wp-post-image\" alt=\"\" srcset=\"https:\/\/iconestate.es\/wp-content\/uploads\/2026\/02\/ChatGPT-Image-12-feb-2026-14_01_59-584x438.png 584w, https:\/\/iconestate.es\/wp-content\/uploads\/2026\/02\/ChatGPT-Image-12-feb-2026-14_01_59-592x444.png 592w, https:\/\/iconestate.es\/wp-content\/uploads\/2026\/02\/ChatGPT-Image-12-feb-2026-14_01_59-120x90.png 120w\" sizes=\"(max-width: 584px) 100vw, 584px\" \/>\t\t\t\t\t\t<\/a>\n\t\t\t\t\t<\/div>\n\t\t\t\t<\/div>\n\n\t\t\t\t<ul class=\"item-tools\">\n\n        <li class=\"item-tool item-preview\">\n        <span class=\"hz-show-lightbox-js\" data-listid=\"40178\" data-toggle=\"tooltip\" data-placement=\"top\" title=\"Preview\">\n                <i class=\"houzez-icon icon-expand-3\"><\/i>   \n        <\/span><!-- item-tool-favorite -->\n    <\/li><!-- item-tool -->\n        \n        <li class=\"item-tool item-favorite\">\n        <span class=\"add-favorite-js item-tool-favorite\" data-toggle=\"tooltip\" data-placement=\"top\" title=\"Favourite\" data-listid=\"40178\">\n            <i class=\"houzez-icon icon-love-it \"><\/i> \n        <\/span><!-- item-tool-favorite -->\n    <\/li><!-- item-tool -->\n    \n        <li class=\"item-tool item-compare\">\n        <span class=\"houzez_compare compare-40178 item-tool-compare show-compare-panel\" data-toggle=\"tooltip\" data-placement=\"top\" title=\"Add to Compare\" data-listing_id=\"40178\" data-listing_image=\"https:\/\/iconestate.es\/wp-content\/uploads\/2026\/02\/ChatGPT-Image-12-feb-2026-14_01_59-592x444.png\">\n            <i class=\"houzez-icon icon-add-circle\"><\/i>\n        <\/span><!-- item-tool-compare -->\n    <\/li><!-- item-tool -->\n    <\/ul><!-- item-tools -->\n\t\t\t\t<div class=\"preview_loader\"><\/div>\n\t\t\t<\/div><!-- item-header -->\t\n\t\t\t<div class=\"item-body flex-grow-1\">\n\t\t\t\t<h2 class=\"item-title\">\n\t<a href=\"https:\/\/iconestate.es\/es\/property\/prime-location-in-los-pacos\/\">\u00a1Ubicaci\u00f3n inmejorable en Los Pacos!<\/a>\n<\/h2><!-- item-title -->\n\t\t\t\t<div class=\"d-flex justify-content-between align-items-center amenities-price-wrap\">\n\t\t\t\t\t<ul class=\"item-price-wrap\">\n\t\t\t\t\t\t<li class=\"item-price\"><span class=\"item-price-text\">RESERVADO!!!<\/span><\/li>\n\t\t\t\t\t<\/ul>\n\t\t\t\t\t<ul class=\"item-amenities item-amenities-with-icons\">\n\t<li class=\"h-beds\"><i class=\"houzez-icon icon-hotel-double-bed-1 mr-1\"><\/i><span class=\"item-amenities-text\">Beds:<\/span> <span class=\"hz-figure\">2<\/span><\/li><li class=\"h-baths\"><i class=\"houzez-icon icon-bathroom-shower-1 mr-1\"><\/i><span class=\"item-amenities-text\">Bath:<\/span> <span class=\"hz-figure\">1<\/span><\/li><li class=\"h-area\"><i class=\"houzez-icon icon-ruler-triangle mr-1\"><\/i><span class=\"hz-figure\">76<\/span> <span class=\"hz-figure area_postfix\">m\u00b2<\/span><\/li><li class=\"h-property-id\"><i class=\"houzez-icon icon-tags mr-1\"><\/i><span class=\"item-amenities-text\">ID:<\/span> <span class=\"hz-figure\">Acha_2<\/span><\/li><\/ul>\t\t\t\t<\/div><!-- d-flex -->\n\t\t\t<\/div><!-- item-body -->\n\t\t<\/div><!-- d-flex -->\n\t<\/div><!-- item-wrap -->\n<\/div><!-- item-listing-wrap --><div class=\"item-listing-wrap hz-item-gallery-js item-listing-wrap-v6 card\" data-hz-id=\"hz-40064\" >\n\t<div class=\"item-wrap item-wrap-v6 h-100\">\n\t\t<div class=\"d-flex align-items-center h-100\">\n\t\t\t<div class=\"item-header\">\n\t\t\t\t\n\t\t\t\t<div class=\"labels-wrap labels-right\"> \n\n\t<a href=\"https:\/\/iconestate.es\/es\/status\/en-venta\/\" class=\"label-status label status-color-237\">\n\t\t\t\t\tEn venta\n\t\t\t\t<\/a><a href=\"https:\/\/iconestate.es\/es\/label\/reservado\/\" class=\"hz-label label label-color-326\">\n\t\t\t\t\tReservado\n\t\t\t\t<\/a>       \n\n<\/div>\n\n\t\t\t\t<div class=\"listing-image-wrap\">\n\t\t\t\t\t<div class=\"listing-thumb\">\n\t\t\t\t\t\t<a class=\"listing-featured-thumb\" href=\"https:\/\/iconestate.es\/es\/property\/oportunidad-de-inversion-en-pacosol-ubicacion-privilegiada\/\">\n\t\t\t\t\t\t<img loading=\"lazy\" decoding=\"async\" width=\"584\" height=\"438\" src=\"https:\/\/iconestate.es\/wp-content\/uploads\/2026\/01\/Piso-1D.-Urb.-Pacosol-Ap.-B-23-Logo-4-1-584x438.jpg\" class=\"img-fluid wp-post-image\" alt=\"\" srcset=\"https:\/\/iconestate.es\/wp-content\/uploads\/2026\/01\/Piso-1D.-Urb.-Pacosol-Ap.-B-23-Logo-4-1-584x438.jpg 584w, https:\/\/iconestate.es\/wp-content\/uploads\/2026\/01\/Piso-1D.-Urb.-Pacosol-Ap.-B-23-Logo-4-1-592x444.jpg 592w, https:\/\/iconestate.es\/wp-content\/uploads\/2026\/01\/Piso-1D.-Urb.-Pacosol-Ap.-B-23-Logo-4-1-120x90.jpg 120w\" sizes=\"(max-width: 584px) 100vw, 584px\" \/>\t\t\t\t\t\t<\/a>\n\t\t\t\t\t<\/div>\n\t\t\t\t<\/div>\n\n\t\t\t\t<ul class=\"item-tools\">\n\n        <li class=\"item-tool item-preview\">\n        <span class=\"hz-show-lightbox-js\" data-listid=\"40064\" data-toggle=\"tooltip\" data-placement=\"top\" title=\"Preview\">\n                <i class=\"houzez-icon icon-expand-3\"><\/i>   \n        <\/span><!-- item-tool-favorite -->\n    <\/li><!-- item-tool -->\n        \n        <li class=\"item-tool item-favorite\">\n        <span class=\"add-favorite-js item-tool-favorite\" data-toggle=\"tooltip\" data-placement=\"top\" title=\"Favourite\" data-listid=\"40064\">\n            <i class=\"houzez-icon icon-love-it \"><\/i> \n        <\/span><!-- item-tool-favorite -->\n    <\/li><!-- item-tool -->\n    \n        <li class=\"item-tool item-compare\">\n        <span class=\"houzez_compare compare-40064 item-tool-compare show-compare-panel\" data-toggle=\"tooltip\" data-placement=\"top\" title=\"Add to Compare\" data-listing_id=\"40064\" data-listing_image=\"https:\/\/iconestate.es\/wp-content\/uploads\/2026\/01\/Piso-1D.-Urb.-Pacosol-Ap.-B-23-Logo-4-1-592x444.jpg\">\n            <i class=\"houzez-icon icon-add-circle\"><\/i>\n        <\/span><!-- item-tool-compare -->\n    <\/li><!-- item-tool -->\n    <\/ul><!-- item-tools -->\n\t\t\t\t<div class=\"preview_loader\"><\/div>\n\t\t\t<\/div><!-- item-header -->\t\n\t\t\t<div class=\"item-body flex-grow-1\">\n\t\t\t\t<h2 class=\"item-title\">\n\t<a href=\"https:\/\/iconestate.es\/es\/property\/oportunidad-de-inversion-en-pacosol-ubicacion-privilegiada\/\">GREAT OPPORTUNITY, LOS PACOS!!!<\/a>\n<\/h2><!-- item-title -->\n\t\t\t\t<div class=\"d-flex justify-content-between align-items-center amenities-price-wrap\">\n\t\t\t\t\t<ul class=\"item-price-wrap\">\n\t\t\t\t\t\t<li class=\"item-price\"><span class=\"item-price-text\">\u00a1\u00a1\u00a1RESERVADO!!!<\/span><\/li>\n\t\t\t\t\t<\/ul>\n\t\t\t\t\t<ul class=\"item-amenities item-amenities-with-icons\">\n\t<li class=\"h-beds\"><i class=\"houzez-icon icon-hotel-double-bed-1 mr-1\"><\/i><span class=\"item-amenities-text\">Bed:<\/span> <span class=\"hz-figure\">1<\/span><\/li><li class=\"h-baths\"><i class=\"houzez-icon icon-bathroom-shower-1 mr-1\"><\/i><span class=\"item-amenities-text\">Bath:<\/span> <span class=\"hz-figure\">1<\/span><\/li><li class=\"h-area\"><i class=\"houzez-icon icon-ruler-triangle mr-1\"><\/i><span class=\"hz-figure\">59<\/span> <span class=\"hz-figure area_postfix\">m\u00b2<\/span><\/li><li class=\"h-property-id\"><i class=\"houzez-icon icon-tags mr-1\"><\/i><span class=\"item-amenities-text\">ID:<\/span> <span class=\"hz-figure\">Pacosol<\/span><\/li><\/ul>\t\t\t\t<\/div><!-- d-flex -->\n\t\t\t<\/div><!-- item-body -->\n\t\t<\/div><!-- d-flex -->\n\t<\/div><!-- item-wrap -->\n<\/div><!-- item-listing-wrap --><div class=\"item-listing-wrap hz-item-gallery-js item-listing-wrap-v6 card\" data-hz-id=\"hz-39280\" >\n\t<div class=\"item-wrap item-wrap-v6 h-100\">\n\t\t<div class=\"d-flex align-items-center h-100\">\n\t\t\t<div class=\"item-header\">\n\t\t\t\t<span class=\"label-featured label\">Featured<\/span>\n\t\t\t\t<div class=\"labels-wrap labels-right\"> \n\n\t<a href=\"https:\/\/iconestate.es\/es\/status\/en-venta\/\" class=\"label-status label status-color-237\">\n\t\t\t\t\tEn venta\n\t\t\t\t<\/a><a href=\"https:\/\/iconestate.es\/es\/label\/vendido\/\" class=\"hz-label label label-color-300\">\n\t\t\t\t\tVendido\n\t\t\t\t<\/a>       \n\n<\/div>\n\n\t\t\t\t<div class=\"listing-image-wrap\">\n\t\t\t\t\t<div class=\"listing-thumb\">\n\t\t\t\t\t\t<a class=\"listing-featured-thumb\" href=\"https:\/\/iconestate.es\/es\/property\/impresionante-apartamento-moderno-con-impresionantes-vistas-al-mar\/\">\n\t\t\t\t\t\t<img loading=\"lazy\" decoding=\"async\" width=\"584\" height=\"438\" src=\"https:\/\/iconestate.es\/wp-content\/uploads\/2025\/08\/Piso-2D.-Urb.-Hills-Collection-Blq.-2-3oF-Logo-8-584x438.jpg\" class=\"img-fluid wp-post-image\" alt=\"\" srcset=\"https:\/\/iconestate.es\/wp-content\/uploads\/2025\/08\/Piso-2D.-Urb.-Hills-Collection-Blq.-2-3oF-Logo-8-584x438.jpg 584w, https:\/\/iconestate.es\/wp-content\/uploads\/2025\/08\/Piso-2D.-Urb.-Hills-Collection-Blq.-2-3oF-Logo-8-592x444.jpg 592w, https:\/\/iconestate.es\/wp-content\/uploads\/2025\/08\/Piso-2D.-Urb.-Hills-Collection-Blq.-2-3oF-Logo-8-120x90.jpg 120w\" sizes=\"(max-width: 584px) 100vw, 584px\" \/>\t\t\t\t\t\t<\/a>\n\t\t\t\t\t<\/div>\n\t\t\t\t<\/div>\n\n\t\t\t\t<ul class=\"item-tools\">\n\n        <li class=\"item-tool item-preview\">\n        <span class=\"hz-show-lightbox-js\" data-listid=\"39280\" data-toggle=\"tooltip\" data-placement=\"top\" title=\"Preview\">\n                <i class=\"houzez-icon icon-expand-3\"><\/i>   \n        <\/span><!-- item-tool-favorite -->\n    <\/li><!-- item-tool -->\n        \n        <li class=\"item-tool item-favorite\">\n        <span class=\"add-favorite-js item-tool-favorite\" data-toggle=\"tooltip\" data-placement=\"top\" title=\"Favourite\" data-listid=\"39280\">\n            <i class=\"houzez-icon icon-love-it \"><\/i> \n        <\/span><!-- item-tool-favorite -->\n    <\/li><!-- item-tool -->\n    \n        <li class=\"item-tool item-compare\">\n        <span class=\"houzez_compare compare-39280 item-tool-compare show-compare-panel\" data-toggle=\"tooltip\" data-placement=\"top\" title=\"Add to Compare\" data-listing_id=\"39280\" data-listing_image=\"https:\/\/iconestate.es\/wp-content\/uploads\/2025\/08\/Piso-2D.-Urb.-Hills-Collection-Blq.-2-3oF-Logo-8-592x444.jpg\">\n            <i class=\"houzez-icon icon-add-circle\"><\/i>\n        <\/span><!-- item-tool-compare -->\n    <\/li><!-- item-tool -->\n    <\/ul><!-- item-tools -->\n\t\t\t\t<div class=\"preview_loader\"><\/div>\n\t\t\t<\/div><!-- item-header -->\t\n\t\t\t<div class=\"item-body flex-grow-1\">\n\t\t\t\t<h2 class=\"item-title\">\n\t<a href=\"https:\/\/iconestate.es\/es\/property\/impresionante-apartamento-moderno-con-impresionantes-vistas-al-mar\/\">**Impresionante apartamento moderno con impresionantes vistas al mar**<\/a>\n<\/h2><!-- item-title -->\n\t\t\t\t<div class=\"d-flex justify-content-between align-items-center amenities-price-wrap\">\n\t\t\t\t\t<ul class=\"item-price-wrap\">\n\t\t\t\t\t\t<li class=\"item-price\"> 650,000\u20ac<\/li>\n\t\t\t\t\t<\/ul>\n\t\t\t\t\t<ul class=\"item-amenities item-amenities-with-icons\">\n\t<li class=\"h-beds\"><i class=\"houzez-icon icon-hotel-double-bed-1 mr-1\"><\/i><span class=\"item-amenities-text\">Beds:<\/span> <span class=\"hz-figure\">2<\/span><\/li><li class=\"h-baths\"><i class=\"houzez-icon icon-bathroom-shower-1 mr-1\"><\/i><span class=\"item-amenities-text\">Baths:<\/span> <span class=\"hz-figure\">2<\/span><\/li><li class=\"h-area\"><i class=\"houzez-icon icon-ruler-triangle mr-1\"><\/i><span class=\"hz-figure\">114m\u00b2<\/span> <span class=\"hz-figure area_postfix\">m\u00b2<\/span><\/li><li class=\"h-property-id\"><i class=\"houzez-icon icon-tags mr-1\"><\/i><span class=\"item-amenities-text\">ID:<\/span> <span class=\"hz-figure\">Colecci\u00f3n La Colina<\/span><\/li><\/ul>\t\t\t\t<\/div><!-- d-flex -->\n\t\t\t<\/div><!-- item-body -->\n\t\t<\/div><!-- d-flex -->\n\t<\/div><!-- item-wrap -->\n<\/div><!-- item-listing-wrap --><div class=\"item-listing-wrap hz-item-gallery-js item-listing-wrap-v6 card\" data-hz-id=\"hz-32030\" >\n\t<div class=\"item-wrap item-wrap-v6 h-100\">\n\t\t<div class=\"d-flex align-items-center h-100\">\n\t\t\t<div class=\"item-header\">\n\t\t\t\t<span class=\"label-featured label\">Featured<\/span>\n\t\t\t\t<div class=\"labels-wrap labels-right\"> \n\n\t<a href=\"https:\/\/iconestate.es\/es\/status\/en-venta\/\" class=\"label-status label status-color-237\">\n\t\t\t\t\tEn venta\n\t\t\t\t<\/a><a href=\"https:\/\/iconestate.es\/es\/label\/disponible\/\" class=\"hz-label label label-color-389\">\n\t\t\t\t\tDisponible\n\t\t\t\t<\/a>       \n\n<\/div>\n\n\t\t\t\t<div class=\"listing-image-wrap\">\n\t\t\t\t\t<div class=\"listing-thumb\">\n\t\t\t\t\t\t<a class=\"listing-featured-thumb\" href=\"https:\/\/iconestate.es\/es\/property\/villas-de-lujo-en-venta-en-la-costa-del-sol\/\">\n\t\t\t\t\t\t<img loading=\"lazy\" decoding=\"async\" width=\"584\" height=\"438\" src=\"https:\/\/iconestate.es\/wp-content\/uploads\/2025\/11\/IMG_3034-copia-584x438.jpg\" class=\"img-fluid wp-post-image\" alt=\"\" srcset=\"https:\/\/iconestate.es\/wp-content\/uploads\/2025\/11\/IMG_3034-copia-584x438.jpg 584w, https:\/\/iconestate.es\/wp-content\/uploads\/2025\/11\/IMG_3034-copia-300x225.jpg 300w, https:\/\/iconestate.es\/wp-content\/uploads\/2025\/11\/IMG_3034-copia-1024x768.jpg 1024w, https:\/\/iconestate.es\/wp-content\/uploads\/2025\/11\/IMG_3034-copia-768x576.jpg 768w, https:\/\/iconestate.es\/wp-content\/uploads\/2025\/11\/IMG_3034-copia-1536x1152.jpg 1536w, https:\/\/iconestate.es\/wp-content\/uploads\/2025\/11\/IMG_3034-copia-592x444.jpg 592w, https:\/\/iconestate.es\/wp-content\/uploads\/2025\/11\/IMG_3034-copia-800x600.jpg 800w, https:\/\/iconestate.es\/wp-content\/uploads\/2025\/11\/IMG_3034-copia-120x90.jpg 120w, https:\/\/iconestate.es\/wp-content\/uploads\/2025\/11\/IMG_3034-copia-496x372.jpg 496w, https:\/\/iconestate.es\/wp-content\/uploads\/2025\/11\/IMG_3034-copia.jpg 1900w\" sizes=\"(max-width: 584px) 100vw, 584px\" \/>\t\t\t\t\t\t<\/a>\n\t\t\t\t\t<\/div>\n\t\t\t\t<\/div>\n\n\t\t\t\t<ul class=\"item-tools\">\n\n        <li class=\"item-tool item-preview\">\n        <span class=\"hz-show-lightbox-js\" data-listid=\"32030\" data-toggle=\"tooltip\" data-placement=\"top\" title=\"Preview\">\n                <i class=\"houzez-icon icon-expand-3\"><\/i>   \n        <\/span><!-- item-tool-favorite -->\n    <\/li><!-- item-tool -->\n        \n        <li class=\"item-tool item-favorite\">\n        <span class=\"add-favorite-js item-tool-favorite\" data-toggle=\"tooltip\" data-placement=\"top\" title=\"Favourite\" data-listid=\"32030\">\n            <i class=\"houzez-icon icon-love-it \"><\/i> \n        <\/span><!-- item-tool-favorite -->\n    <\/li><!-- item-tool -->\n    \n        <li class=\"item-tool item-compare\">\n        <span class=\"houzez_compare compare-32030 item-tool-compare show-compare-panel\" data-toggle=\"tooltip\" data-placement=\"top\" title=\"Add to Compare\" data-listing_id=\"32030\" data-listing_image=\"https:\/\/iconestate.es\/wp-content\/uploads\/2025\/11\/IMG_3034-copia-592x444.jpg\">\n            <i class=\"houzez-icon icon-add-circle\"><\/i>\n        <\/span><!-- item-tool-compare -->\n    <\/li><!-- item-tool -->\n    <\/ul><!-- item-tools -->\n\t\t\t\t<div class=\"preview_loader\"><\/div>\n\t\t\t<\/div><!-- item-header -->\t\n\t\t\t<div class=\"item-body flex-grow-1\">\n\t\t\t\t<h2 class=\"item-title\">\n\t<a href=\"https:\/\/iconestate.es\/es\/property\/villas-de-lujo-en-venta-en-la-costa-del-sol\/\">Luxury and modern villas in Los Pacos!<\/a>\n<\/h2><!-- item-title -->\n\t\t\t\t<div class=\"d-flex justify-content-between align-items-center amenities-price-wrap\">\n\t\t\t\t\t<ul class=\"item-price-wrap\">\n\t\t\t\t\t\t<li class=\"item-price\"><span class=\"item-price-text\">From 1.460.000\u20ac<\/span><\/li>\n\t\t\t\t\t<\/ul>\n\t\t\t\t\t<ul class=\"item-amenities item-amenities-with-icons\">\n\t<li class=\"h-beds\"><i class=\"houzez-icon icon-hotel-double-bed-1 mr-1\"><\/i><span class=\"item-amenities-text\">Beds:<\/span> <span class=\"hz-figure\">3<\/span><\/li><li class=\"h-baths\"><i class=\"houzez-icon icon-bathroom-shower-1 mr-1\"><\/i><span class=\"item-amenities-text\">Baths:<\/span> <span class=\"hz-figure\">3.5<\/span><\/li><li class=\"h-area\"><i class=\"houzez-icon icon-ruler-triangle mr-1\"><\/i><span class=\"hz-figure\">263.25<\/span> <span class=\"hz-figure area_postfix\">m\u00b2<\/span><\/li><li class=\"h-property-id\"><i class=\"houzez-icon icon-tags mr-1\"><\/i><span class=\"item-amenities-text\">ID:<\/span> <span class=\"hz-figure\">Las villas<\/span><\/li><\/ul>\t\t\t\t<\/div><!-- d-flex -->\n\t\t\t<\/div><!-- item-body -->\n\t\t<\/div><!-- d-flex -->\n\t<\/div><!-- item-wrap -->\n<\/div><!-- item-listing-wrap --><div class=\"item-listing-wrap hz-item-gallery-js item-listing-wrap-v6 card\" data-hz-id=\"hz-37897\" >\n\t<div class=\"item-wrap item-wrap-v6 h-100\">\n\t\t<div class=\"d-flex align-items-center h-100\">\n\t\t\t<div class=\"item-header\">\n\t\t\t\t\n\t\t\t\t<div class=\"labels-wrap labels-right\"> \n\n\t<a href=\"https:\/\/iconestate.es\/es\/status\/en-venta\/\" class=\"label-status label status-color-237\">\n\t\t\t\t\tEn venta\n\t\t\t\t<\/a><a href=\"https:\/\/iconestate.es\/es\/label\/disponible\/\" class=\"hz-label label label-color-389\">\n\t\t\t\t\tDisponible\n\t\t\t\t<\/a>       \n\n<\/div>\n\n\t\t\t\t<div class=\"listing-image-wrap\">\n\t\t\t\t\t<div class=\"listing-thumb\">\n\t\t\t\t\t\t<a class=\"listing-featured-thumb\" href=\"https:\/\/iconestate.es\/es\/property\/moderno-apartamento-en-el-centro-de-fuengirola\/\">\n\t\t\t\t\t\t<img loading=\"lazy\" decoding=\"async\" width=\"584\" height=\"438\" src=\"https:\/\/iconestate.es\/wp-content\/uploads\/2024\/12\/07-edificioespana-copia-1-584x438.jpg\" class=\"img-fluid wp-post-image\" alt=\"\" srcset=\"https:\/\/iconestate.es\/wp-content\/uploads\/2024\/12\/07-edificioespana-copia-1-584x438.jpg 584w, https:\/\/iconestate.es\/wp-content\/uploads\/2024\/12\/07-edificioespana-copia-1-592x444.jpg 592w, https:\/\/iconestate.es\/wp-content\/uploads\/2024\/12\/07-edificioespana-copia-1-120x90.jpg 120w\" sizes=\"(max-width: 584px) 100vw, 584px\" \/>\t\t\t\t\t\t<\/a>\n\t\t\t\t\t<\/div>\n\t\t\t\t<\/div>\n\n\t\t\t\t<ul class=\"item-tools\">\n\n        <li class=\"item-tool item-preview\">\n        <span class=\"hz-show-lightbox-js\" data-listid=\"37897\" data-toggle=\"tooltip\" data-placement=\"top\" title=\"Preview\">\n                <i class=\"houzez-icon icon-expand-3\"><\/i>   \n        <\/span><!-- item-tool-favorite -->\n    <\/li><!-- item-tool -->\n        \n        <li class=\"item-tool item-favorite\">\n        <span class=\"add-favorite-js item-tool-favorite\" data-toggle=\"tooltip\" data-placement=\"top\" title=\"Favourite\" data-listid=\"37897\">\n            <i class=\"houzez-icon icon-love-it \"><\/i> \n        <\/span><!-- item-tool-favorite -->\n    <\/li><!-- item-tool -->\n    \n        <li class=\"item-tool item-compare\">\n        <span class=\"houzez_compare compare-37897 item-tool-compare show-compare-panel\" data-toggle=\"tooltip\" data-placement=\"top\" title=\"Add to Compare\" data-listing_id=\"37897\" data-listing_image=\"https:\/\/iconestate.es\/wp-content\/uploads\/2024\/12\/07-edificioespana-copia-1-592x444.jpg\">\n            <i class=\"houzez-icon icon-add-circle\"><\/i>\n        <\/span><!-- item-tool-compare -->\n    <\/li><!-- item-tool -->\n    <\/ul><!-- item-tools -->\n\t\t\t\t<div class=\"preview_loader\"><\/div>\n\t\t\t<\/div><!-- item-header -->\t\n\t\t\t<div class=\"item-body flex-grow-1\">\n\t\t\t\t<h2 class=\"item-title\">\n\t<a href=\"https:\/\/iconestate.es\/es\/property\/moderno-apartamento-en-el-centro-de-fuengirola\/\">\u00a1\u00a1\u00a1Moderno apartamento en el Centro de Fuengirola!!!<\/a>\n<\/h2><!-- item-title -->\n\t\t\t\t<div class=\"d-flex justify-content-between align-items-center amenities-price-wrap\">\n\t\t\t\t\t<ul class=\"item-price-wrap\">\n\t\t\t\t\t\t<li class=\"item-price\"> 595,000\u20ac<\/li>\n\t\t\t\t\t<\/ul>\n\t\t\t\t\t<ul class=\"item-amenities item-amenities-with-icons\">\n\t<li class=\"h-beds\"><i class=\"houzez-icon icon-hotel-double-bed-1 mr-1\"><\/i><span class=\"item-amenities-text\">Beds:<\/span> <span class=\"hz-figure\">2<\/span><\/li><li class=\"h-baths\"><i class=\"houzez-icon icon-bathroom-shower-1 mr-1\"><\/i><span class=\"item-amenities-text\">Baths:<\/span> <span class=\"hz-figure\">2<\/span><\/li><li class=\"h-area\"><i class=\"houzez-icon icon-ruler-triangle mr-1\"><\/i><span class=\"hz-figure\">79<\/span> <span class=\"hz-figure area_postfix\">m\u00b2<\/span><\/li><li class=\"h-property-id\"><i class=\"houzez-icon icon-tags mr-1\"><\/i><span class=\"item-amenities-text\">ID:<\/span> <span class=\"hz-figure\">Espa\u00f1a<\/span><\/li><\/ul>\t\t\t\t<\/div><!-- d-flex -->\n\t\t\t<\/div><!-- item-body -->\n\t\t<\/div><!-- d-flex -->\n\t<\/div><!-- item-wrap -->\n<\/div><!-- item-listing-wrap --><div class=\"item-listing-wrap hz-item-gallery-js item-listing-wrap-v6 card\" data-hz-id=\"hz-39632\" >\n\t<div class=\"item-wrap item-wrap-v6 h-100\">\n\t\t<div class=\"d-flex align-items-center h-100\">\n\t\t\t<div class=\"item-header\">\n\t\t\t\t\n\t\t\t\t<div class=\"labels-wrap labels-right\"> \n\n\t<a href=\"https:\/\/iconestate.es\/es\/status\/en-venta\/\" class=\"label-status label status-color-237\">\n\t\t\t\t\tEn venta\n\t\t\t\t<\/a><a href=\"https:\/\/iconestate.es\/es\/label\/vendido\/\" class=\"hz-label label label-color-300\">\n\t\t\t\t\tVendido\n\t\t\t\t<\/a>       \n\n<\/div>\n\n\t\t\t\t<div class=\"listing-image-wrap\">\n\t\t\t\t\t<div class=\"listing-thumb\">\n\t\t\t\t\t\t<a class=\"listing-featured-thumb\" href=\"https:\/\/iconestate.es\/es\/property\/lovely-2-bed-apartment-in-vista-verde-mijas\/\">\n\t\t\t\t\t\t<img loading=\"lazy\" decoding=\"async\" width=\"584\" height=\"438\" src=\"https:\/\/iconestate.es\/wp-content\/uploads\/2025\/11\/IMG_8940-584x438.jpg\" class=\"img-fluid wp-post-image\" alt=\"\" srcset=\"https:\/\/iconestate.es\/wp-content\/uploads\/2025\/11\/IMG_8940-584x438.jpg 584w, https:\/\/iconestate.es\/wp-content\/uploads\/2025\/11\/IMG_8940-592x444.jpg 592w, https:\/\/iconestate.es\/wp-content\/uploads\/2025\/11\/IMG_8940-120x90.jpg 120w\" sizes=\"(max-width: 584px) 100vw, 584px\" \/>\t\t\t\t\t\t<\/a>\n\t\t\t\t\t<\/div>\n\t\t\t\t<\/div>\n\n\t\t\t\t<ul class=\"item-tools\">\n\n        <li class=\"item-tool item-preview\">\n        <span class=\"hz-show-lightbox-js\" data-listid=\"39632\" data-toggle=\"tooltip\" data-placement=\"top\" title=\"Preview\">\n                <i class=\"houzez-icon icon-expand-3\"><\/i>   \n        <\/span><!-- item-tool-favorite -->\n    <\/li><!-- item-tool -->\n        \n        <li class=\"item-tool item-favorite\">\n        <span class=\"add-favorite-js item-tool-favorite\" data-toggle=\"tooltip\" data-placement=\"top\" title=\"Favourite\" data-listid=\"39632\">\n            <i class=\"houzez-icon icon-love-it \"><\/i> \n        <\/span><!-- item-tool-favorite -->\n    <\/li><!-- item-tool -->\n    \n        <li class=\"item-tool item-compare\">\n        <span class=\"houzez_compare compare-39632 item-tool-compare show-compare-panel\" data-toggle=\"tooltip\" data-placement=\"top\" title=\"Add to Compare\" data-listing_id=\"39632\" data-listing_image=\"https:\/\/iconestate.es\/wp-content\/uploads\/2025\/11\/IMG_8940-592x444.jpg\">\n            <i class=\"houzez-icon icon-add-circle\"><\/i>\n        <\/span><!-- item-tool-compare -->\n    <\/li><!-- item-tool -->\n    <\/ul><!-- item-tools -->\n\t\t\t\t<div class=\"preview_loader\"><\/div>\n\t\t\t<\/div><!-- item-header -->\t\n\t\t\t<div class=\"item-body flex-grow-1\">\n\t\t\t\t<h2 class=\"item-title\">\n\t<a href=\"https:\/\/iconestate.es\/es\/property\/lovely-2-bed-apartment-in-vista-verde-mijas\/\">Lovely 2 bed apartment in Vista Verde, Mijas<\/a>\n<\/h2><!-- item-title -->\n\t\t\t\t<div class=\"d-flex justify-content-between align-items-center amenities-price-wrap\">\n\t\t\t\t\t<ul class=\"item-price-wrap\">\n\t\t\t\t\t\t<li class=\"item-price\"><span class=\"item-price-text\">VENDIDO!!!<\/span><\/li>\n\t\t\t\t\t<\/ul>\n\t\t\t\t\t<ul class=\"item-amenities item-amenities-with-icons\">\n\t<li class=\"h-beds\"><i class=\"houzez-icon icon-hotel-double-bed-1 mr-1\"><\/i><span class=\"item-amenities-text\">Beds:<\/span> <span class=\"hz-figure\">2<\/span><\/li><li class=\"h-baths\"><i class=\"houzez-icon icon-bathroom-shower-1 mr-1\"><\/i><span class=\"item-amenities-text\">Bath:<\/span> <span class=\"hz-figure\">1<\/span><\/li><li class=\"h-area\"><i class=\"houzez-icon icon-ruler-triangle mr-1\"><\/i><span class=\"hz-figure\">74<\/span> <span class=\"hz-figure area_postfix\">m\u00b2<\/span><\/li><li class=\"h-property-id\"><i class=\"houzez-icon icon-tags mr-1\"><\/i><span class=\"item-amenities-text\">ID:<\/span> <span class=\"hz-figure\">Vista Verde<\/span><\/li><\/ul>\t\t\t\t<\/div><!-- d-flex -->\n\t\t\t<\/div><!-- item-body -->\n\t\t<\/div><!-- d-flex -->\n\t<\/div><!-- item-wrap -->\n<\/div><!-- item-listing-wrap -->\r\n\t\t\t<\/div><!-- listing-view -->\r\n\r\n\t\t\t<div class=\"pagination-wrap\"><nav><ul class=\"pagination justify-content-center\"><li class=\"page-item disabled\"><a class=\"page-link\" aria-label=\"Previous\"><i class=\"houzez-icon icon-arrow-left-1\"><\/i><\/a><\/li><li class=\"page-item active\"><a class=\"page-link\" href=\"https:\/\/iconestate.es\/es\/wp-json\/wp\/v2\/pages\/23682\/\">1 <span class=\"sr-only\"><\/span><\/a><\/li><li class=\"page-item\"><a class=\"page-link\" href=\"https:\/\/iconestate.es\/es\/wp-json\/wp\/v2\/pages\/23682\/page\/2\/\">2<\/a><\/li><li class=\"page-item\"><a class=\"page-link\" href=\"https:\/\/iconestate.es\/es\/wp-json\/wp\/v2\/pages\/23682\/page\/3\/\">3<\/a><\/li><li class=\"page-item\"><a class=\"page-link\" href=\"https:\/\/iconestate.es\/es\/wp-json\/wp\/v2\/pages\/23682\/page\/2\/\" aria-label=\"Next\"><i class=\"houzez-icon icon-arrow-right-1\"><\/i><\/a><\/li><li class=\"page-item\"><a class=\"page-link\" href=\"https:\/\/iconestate.es\/es\/wp-json\/wp\/v2\/pages\/23682\/page\/9\/\" aria-label=\"Next\"><i class=\"houzez-icon arrow-button-right-1\"><\/i><\/a><\/li><\/ul><\/nav><\/div>\t\t<\/div><!-- property-grid-module -->\r\n\r\n\t\t\t\t\t\t<\/div>\n\t\t\t\t<\/div>\n\t\t\t\t<div class=\"elementor-element elementor-element-6a41932 elementor-widget elementor-widget-spacer\" data-id=\"6a41932\" data-element_type=\"widget\" data-e-type=\"widget\" data-widget_type=\"spacer.default\">\n\t\t\t\t<div class=\"elementor-widget-container\">\n\t\t\t\t\t\t\t<div class=\"elementor-spacer\">\n\t\t\t<div class=\"elementor-spacer-inner\"><\/div>\n\t\t<\/div>\n\t\t\t\t\t\t<\/div>\n\t\t\t\t<\/div>\n\t\t\t\t\t<\/div>\n\t\t<\/div>\n\t\t\t\t<div class=\"elementor-column elementor-col-33 elementor-top-column elementor-element elementor-element-05bf3c6\" data-id=\"05bf3c6\" data-element_type=\"column\" data-e-type=\"column\">\n\t\t\t<div class=\"elementor-widget-wrap elementor-element-populated\">\n\t\t\t\t\t\t<div class=\"elementor-element elementor-element-716f718 elementor-widget elementor-widget-sidebar\" data-id=\"716f718\" data-element_type=\"widget\" data-e-type=\"widget\" data-widget_type=\"sidebar.default\">\n\t\t\t\t<div class=\"elementor-widget-container\">\n\t\t\t\t\t<div id=\"houzez_featured_properties-1\" class=\"widget widget-wrap widget-featured-property\"><div class=\"widget-header\"><h3 class=\"widget-title\">Featured Listings<\/h3><\/div>            \n                        \n\n\t\t\t<div class=\"widget-body widget-featured-property-slider-wrap\">\n\n\t\t\t\t\t\t\t\t<div class=\"widget-featured-property-slider\">\n\t\t\t\t\n\t\t\t\t\n\n\t\t\t\t\t\t\t\t\t\n\t\t\t\t\t\t\t\t\t\t\t\t<div class=\"featured-property-item-widget\">\n\t\t\t\t\t\t\t\t<div class=\"item-wrap item-wrap-v3\">\n\t\t\t\t\t\t\t\t<div class=\"listing-image-wrap\">\n\t<div class=\"listing-thumb\">\n\t\t<a href=\"https:\/\/iconestate.es\/es\/property\/chalet-independiente-impresionantes-vistas-al-mar-en-torreblanca\/\" class=\"listing-featured-thumb hover-effect\">\n\t\t\t<img decoding=\"async\" width=\"584\" height=\"438\" src=\"https:\/\/iconestate.es\/wp-content\/uploads\/2025\/09\/Villa-3D.-C-Perdices-No9-Logo-1-584x438.jpg\" class=\"img-fluid wp-post-image\" alt=\"\" srcset=\"https:\/\/iconestate.es\/wp-content\/uploads\/2025\/09\/Villa-3D.-C-Perdices-No9-Logo-1-584x438.jpg 584w, https:\/\/iconestate.es\/wp-content\/uploads\/2025\/09\/Villa-3D.-C-Perdices-No9-Logo-1-592x444.jpg 592w, https:\/\/iconestate.es\/wp-content\/uploads\/2025\/09\/Villa-3D.-C-Perdices-No9-Logo-1-120x90.jpg 120w\" sizes=\"(max-width: 584px) 100vw, 584px\" \/>\t\t<\/a><!-- hover-effect -->\n\t<\/div>\n<\/div>\n\t\t\t\t\t\t\t\t<div class=\"labels-wrap labels-right\"> \n\n\t<a href=\"https:\/\/iconestate.es\/es\/status\/en-venta\/\" class=\"label-status label status-color-237\">\n\t\t\t\t\tEn venta\n\t\t\t\t<\/a>       \n\n<\/div>\t\t\t\t\t\t\t\t<span class=\"label-featured label\">Featured<\/span>\t\t\t\t\t\t\t\t<ul class=\"item-price-wrap hide-on-list\">\n\t<li class=\"item-price\">649,000\u20ac<\/li><\/ul>\t\t\t\t\t\t\t\t<address class=\"item-address\">Calle Perdices, Torreblanca, Fuengirola, Costa del Sol Occidental, M\u00e1laga, Andaluc\u00eda, 29640, Espa\u00f1a, Torreblanca, Fuengirola<\/address>\t\t\t\t\t\t\t\t<\/div><!-- item-wrap -->\n\t\t\t\t\t\t\t<\/div>\n\t\t\t\t\t\t\t\t\n\t\t\t\t\t\n\n\t\t\t\t\t\t\t\t\t\n\t\t\t\t\t\t\t\t\t\t\t\t<div class=\"featured-property-item-widget\">\n\t\t\t\t\t\t\t\t<div class=\"item-wrap item-wrap-v3\">\n\t\t\t\t\t\t\t\t<div class=\"listing-image-wrap\">\n\t<div class=\"listing-thumb\">\n\t\t<a href=\"https:\/\/iconestate.es\/es\/property\/casa-unifamiliar-en-riviera-del-sol\/\" class=\"listing-featured-thumb hover-effect\">\n\t\t\t<img decoding=\"async\" width=\"584\" height=\"438\" src=\"https:\/\/iconestate.es\/wp-content\/uploads\/2025\/04\/ChatGPT-Image-14-abr-2025-13_51_19-584x438.png\" class=\"img-fluid wp-post-image\" alt=\"\" srcset=\"https:\/\/iconestate.es\/wp-content\/uploads\/2025\/04\/ChatGPT-Image-14-abr-2025-13_51_19-584x438.png 584w, https:\/\/iconestate.es\/wp-content\/uploads\/2025\/04\/ChatGPT-Image-14-abr-2025-13_51_19-592x444.png 592w, https:\/\/iconestate.es\/wp-content\/uploads\/2025\/04\/ChatGPT-Image-14-abr-2025-13_51_19-120x90.png 120w\" sizes=\"(max-width: 584px) 100vw, 584px\" \/>\t\t<\/a><!-- hover-effect -->\n\t<\/div>\n<\/div>\n\t\t\t\t\t\t\t\t<div class=\"labels-wrap labels-right\"> \n\n\t<a href=\"https:\/\/iconestate.es\/es\/status\/en-venta\/\" class=\"label-status label status-color-237\">\n\t\t\t\t\tEn venta\n\t\t\t\t<\/a>       \n\n<\/div>\t\t\t\t\t\t\t\t<span class=\"label-featured label\">Featured<\/span>\t\t\t\t\t\t\t\t<ul class=\"item-price-wrap hide-on-list\">\n\t<li class=\"item-price\">1,390,000\u20ac<\/li><\/ul>\t\t\t\t\t\t\t\t<address class=\"item-address\">42, Calle Libra de Riviera, Riviera del Sol - Fase I, Urbanizaci\u00f3n Sitio de Calahonda, Mijas, Costa del Sol Occidental, M\u00e1laga, Andaluc\u00eda, 29650, Espa\u00f1a, Mijas<\/address>\t\t\t\t\t\t\t\t<\/div><!-- item-wrap -->\n\t\t\t\t\t\t\t<\/div>\n\t\t\t\t\t\t\t\t\n\t\t\t\t\t\n\n\t\t\t\t\t\t\t\t\t\n\t\t\t\t\t\t\t\t\t\t\t\t<div class=\"featured-property-item-widget\">\n\t\t\t\t\t\t\t\t<div class=\"item-wrap item-wrap-v3\">\n\t\t\t\t\t\t\t\t<div class=\"listing-image-wrap\">\n\t<div class=\"listing-thumb\">\n\t\t<a href=\"https:\/\/iconestate.es\/es\/property\/impresionante-apartamento-moderno-con-impresionantes-vistas-al-mar\/\" class=\"listing-featured-thumb hover-effect\">\n\t\t\t<img loading=\"lazy\" decoding=\"async\" width=\"584\" height=\"438\" src=\"https:\/\/iconestate.es\/wp-content\/uploads\/2025\/08\/Piso-2D.-Urb.-Hills-Collection-Blq.-2-3oF-Logo-8-584x438.jpg\" class=\"img-fluid wp-post-image\" alt=\"\" srcset=\"https:\/\/iconestate.es\/wp-content\/uploads\/2025\/08\/Piso-2D.-Urb.-Hills-Collection-Blq.-2-3oF-Logo-8-584x438.jpg 584w, https:\/\/iconestate.es\/wp-content\/uploads\/2025\/08\/Piso-2D.-Urb.-Hills-Collection-Blq.-2-3oF-Logo-8-592x444.jpg 592w, https:\/\/iconestate.es\/wp-content\/uploads\/2025\/08\/Piso-2D.-Urb.-Hills-Collection-Blq.-2-3oF-Logo-8-120x90.jpg 120w\" sizes=\"(max-width: 584px) 100vw, 584px\" \/>\t\t<\/a><!-- hover-effect -->\n\t<\/div>\n<\/div>\n\t\t\t\t\t\t\t\t<div class=\"labels-wrap labels-right\"> \n\n\t<a href=\"https:\/\/iconestate.es\/es\/status\/en-venta\/\" class=\"label-status label status-color-237\">\n\t\t\t\t\tEn venta\n\t\t\t\t<\/a>       \n\n<\/div>\t\t\t\t\t\t\t\t<span class=\"label-featured label\">Featured<\/span>\t\t\t\t\t\t\t\t<ul class=\"item-price-wrap hide-on-list\">\n\t<li class=\"item-price\">650,000\u20ac<\/li><\/ul>\t\t\t\t\t\t\t\t<address class=\"item-address\">C. Nogal del Higuer\u00f3n29630, M\u00e1laga, Benalm\u00e1dena, Higuer\u00f3n<\/address>\t\t\t\t\t\t\t\t<\/div><!-- item-wrap -->\n\t\t\t\t\t\t\t<\/div>\n\t\t\t\t\t\t\t\t\n\t\t\t\t\t\n\n\t\t\t\t\t\t\t\t\t\n\t\t\t\t\t\t\t\t\t\t\t\t<div class=\"featured-property-item-widget\">\n\t\t\t\t\t\t\t\t<div class=\"item-wrap item-wrap-v3\">\n\t\t\t\t\t\t\t\t<div class=\"listing-image-wrap\">\n\t<div class=\"listing-thumb\">\n\t\t<a href=\"https:\/\/iconestate.es\/es\/property\/villas-de-lujo-en-venta-en-la-costa-del-sol\/\" class=\"listing-featured-thumb hover-effect\">\n\t\t\t<img loading=\"lazy\" decoding=\"async\" width=\"584\" height=\"438\" src=\"https:\/\/iconestate.es\/wp-content\/uploads\/2025\/11\/IMG_3034-copia-584x438.jpg\" class=\"img-fluid wp-post-image\" alt=\"\" srcset=\"https:\/\/iconestate.es\/wp-content\/uploads\/2025\/11\/IMG_3034-copia-584x438.jpg 584w, https:\/\/iconestate.es\/wp-content\/uploads\/2025\/11\/IMG_3034-copia-300x225.jpg 300w, https:\/\/iconestate.es\/wp-content\/uploads\/2025\/11\/IMG_3034-copia-1024x768.jpg 1024w, https:\/\/iconestate.es\/wp-content\/uploads\/2025\/11\/IMG_3034-copia-768x576.jpg 768w, https:\/\/iconestate.es\/wp-content\/uploads\/2025\/11\/IMG_3034-copia-1536x1152.jpg 1536w, https:\/\/iconestate.es\/wp-content\/uploads\/2025\/11\/IMG_3034-copia-592x444.jpg 592w, https:\/\/iconestate.es\/wp-content\/uploads\/2025\/11\/IMG_3034-copia-800x600.jpg 800w, https:\/\/iconestate.es\/wp-content\/uploads\/2025\/11\/IMG_3034-copia-120x90.jpg 120w, https:\/\/iconestate.es\/wp-content\/uploads\/2025\/11\/IMG_3034-copia-496x372.jpg 496w, https:\/\/iconestate.es\/wp-content\/uploads\/2025\/11\/IMG_3034-copia.jpg 1900w\" sizes=\"(max-width: 584px) 100vw, 584px\" \/>\t\t<\/a><!-- hover-effect -->\n\t<\/div>\n<\/div>\n\t\t\t\t\t\t\t\t<div class=\"labels-wrap labels-right\"> \n\n\t<a href=\"https:\/\/iconestate.es\/es\/status\/en-venta\/\" class=\"label-status label status-color-237\">\n\t\t\t\t\tEn venta\n\t\t\t\t<\/a>       \n\n<\/div>\t\t\t\t\t\t\t\t<span class=\"label-featured label\">Featured<\/span>\t\t\t\t\t\t\t\t<ul class=\"item-price-wrap hide-on-list\">\n\t<li class=\"item-price item-price-text\">From 1.460.000\u20ac<\/li><\/ul>\t\t\t\t\t\t\t\t<address class=\"item-address\">Calle de la Pimienta, Fuengirola, Espa\u00f1a, Los Pacos, Torreblanca<\/address>\t\t\t\t\t\t\t\t<\/div><!-- item-wrap -->\n\t\t\t\t\t\t\t<\/div>\n\t\t\t\t\t\t\t\t\n\t\t\t\t\t\n\n\t\t\t\t\t\t\t\t\t\n\t\t\t\t\t\t\t\t\t\t\t\t<div class=\"featured-property-item-widget\">\n\t\t\t\t\t\t\t\t<div class=\"item-wrap item-wrap-v3\">\n\t\t\t\t\t\t\t\t<div class=\"listing-image-wrap\">\n\t<div class=\"listing-thumb\">\n\t\t<a href=\"https:\/\/iconestate.es\/es\/property\/tu-nuevo-hogar-en-los-pacos\/\" class=\"listing-featured-thumb hover-effect\">\n\t\t\t<img loading=\"lazy\" decoding=\"async\" width=\"584\" height=\"438\" src=\"https:\/\/iconestate.es\/wp-content\/uploads\/2025\/09\/IMG_8806-1-584x438.jpg\" class=\"img-fluid wp-post-image\" alt=\"\" srcset=\"https:\/\/iconestate.es\/wp-content\/uploads\/2025\/09\/IMG_8806-1-584x438.jpg 584w, https:\/\/iconestate.es\/wp-content\/uploads\/2025\/09\/IMG_8806-1-592x444.jpg 592w, https:\/\/iconestate.es\/wp-content\/uploads\/2025\/09\/IMG_8806-1-120x90.jpg 120w\" sizes=\"(max-width: 584px) 100vw, 584px\" \/>\t\t<\/a><!-- hover-effect -->\n\t<\/div>\n<\/div>\n\t\t\t\t\t\t\t\t<div class=\"labels-wrap labels-right\"> \n\n\t<a href=\"https:\/\/iconestate.es\/es\/status\/en-venta\/\" class=\"label-status label status-color-237\">\n\t\t\t\t\tEn venta\n\t\t\t\t<\/a>       \n\n<\/div>\t\t\t\t\t\t\t\t<span class=\"label-featured label\">Featured<\/span>\t\t\t\t\t\t\t\t<ul class=\"item-price-wrap hide-on-list\">\n\t<li class=\"item-price item-price-text\">VENDIDO!!!<\/li><\/ul>\t\t\t\t\t\t\t\t<address class=\"item-address\">Camino de la Cantera, Los Pacos, Fuengirola, Costa del Sol Occidental, M\u00e1laga, Andaluc\u00eda, 29640, Espa\u00f1a, Los Pacos<\/address>\t\t\t\t\t\t\t\t<\/div><!-- item-wrap -->\n\t\t\t\t\t\t\t<\/div>\n\t\t\t\t\t\t\t\t\n\t\t\t\t\t\n\n\t\t\t\t\t\t\t\t\n\t\t\t\t\t\t\t\t<\/div>\n\t\t\t\t\t\t\t\t\t\t\t\t\n\t\t\t<\/div>\n\n\n\t    <\/div><div id=\"houzez_property_taxonomies-1\" class=\"widget widget-wrap widget-taxonomy\"><div class=\"widget-header\"><h3 class=\"widget-title\">Tipo de propiedad<\/h3><\/div><div class=\"widget-body\"><ul><li><a href=\"https:\/\/iconestate.es\/es\/property-type\/apartamentos\/\">Apartamentos<\/a><\/li><li><a href=\"https:\/\/iconestate.es\/es\/property-type\/nuevas-promociones\/\">Nuevas Promociones<\/a><\/li><li><a href=\"https:\/\/iconestate.es\/es\/property-type\/aticos\/\">\u00c1ticos<\/a><\/li><li><a href=\"https:\/\/iconestate.es\/es\/property-type\/villas-independientes\/\">Villas independientes<\/a><\/li><li><a href=\"https:\/\/iconestate.es\/es\/property-type\/adosados\/\">Adosados<\/a><\/li><li><a href=\"https:\/\/iconestate.es\/es\/property-type\/parcela\/\">Parcela<\/a><\/li><\/ul><\/div><\/div><div id=\"houzez_property_taxonomies-2\" class=\"widget widget-wrap widget-taxonomy\"><div class=\"widget-header\"><h3 class=\"widget-title\">Cities<\/h3><\/div><div class=\"widget-body\"><\/div><\/div>\t\t\t\t<\/div>\n\t\t\t\t<\/div>\n\t\t\t\t\t<\/div>\n\t\t<\/div>\n\t\t\t\t\t<\/div>\n\t\t<\/section>\n\t\t\t\t<\/div>\n\t\t","protected":false},"excerpt":{"rendered":"<p>Home Pages Listings elementor &#038; Sidebar All For Rent For Sale Sort By: Default OrderPrice &#8211; Low to HighPrice &#8211; High to LowFeatured Listings FirstDate &#8211; Old to NewDate &#8211; New to Old Featured Modern office space $1,900 1900 Sq Ft Featured Hot Offer Villa with pool $990,000 Beds: 4 Bath: 1 Garage: 1 3410 [&hellip;]<\/p>\n","protected":false},"author":1,"featured_media":0,"parent":0,"menu_order":0,"comment_status":"closed","ping_status":"closed","template":"elementor_header_footer","meta":{"footnotes":""},"class_list":["post-23682","page","type-page","status-publish","hentry"],"_links":{"self":[{"href":"https:\/\/iconestate.es\/es\/wp-json\/wp\/v2\/pages\/23682","targetHints":{"allow":["GET"]}}],"collection":[{"href":"https:\/\/iconestate.es\/es\/wp-json\/wp\/v2\/pages"}],"about":[{"href":"https:\/\/iconestate.es\/es\/wp-json\/wp\/v2\/types\/page"}],"author":[{"embeddable":true,"href":"https:\/\/iconestate.es\/es\/wp-json\/wp\/v2\/users\/1"}],"replies":[{"embeddable":true,"href":"https:\/\/iconestate.es\/es\/wp-json\/wp\/v2\/comments?post=23682"}],"version-history":[{"count":0,"href":"https:\/\/iconestate.es\/es\/wp-json\/wp\/v2\/pages\/23682\/revisions"}],"wp:attachment":[{"href":"https:\/\/iconestate.es\/es\/wp-json\/wp\/v2\/media?parent=23682"}],"curies":[{"name":"wp","href":"https:\/\/api.w.org\/{rel}","templated":true}]}}